{"id":6050,"date":"2019-11-30T14:37:26","date_gmt":"2019-11-30T14:37:26","guid":{"rendered":"https:\/\/www.ezycount.ch\/?page_id=6050"},"modified":"2020-06-30T07:39:36","modified_gmt":"2020-06-30T07:39:36","slug":"presentation-lors-de-la-journee-mondiale-des-chambres-de-commerce","status":"publish","type":"page","link":"https:\/\/www.ezycount.ch\/fr\/evenements-ezycount\/presentation-lors-de-la-journee-mondiale-des-chambres-de-commerce\/","title":{"rendered":"Pr\u00e9sentation lors de la journ\u00e9e mondiale des chambres de commerce"},"content":{"rendered":"<h1>Pr\u00e9sentation de EZYcount lors de la journ\u00e9e mondiale des chambres de commerce<\/h1>\n<p>Vivien a pr\u00e9sent\u00e9 le 28 novembre 2019 EZYcount, devant un parterre renomm\u00e9, lors de la matin\u00e9e fintech de la journ\u00e9e mondiale des chambres de commerce. &nbsp;EZYcount offre une simplicit\u00e9 et une automatisation unique pour les ind\u00e9pendants et entrepreneurs en Suisse mais \u00e9galement \u00e0 l&rsquo;\u00e9tranger.<\/p>\n<p>Retrouvez ci-dessous quelques impressions de la journ\u00e9e. Merci aux organisateurs de la journ\u00e9e pour avoir pris ces photos.<\/p>\n<h2>Photos et impressions de la journ\u00e9e<\/h2>\n<h3 style=\"text-align: center;\">Vivien pr\u00e9sente EZYcount<\/h3>\n<p><span><img loading=\"lazy\" decoding=\"async\" alt=\"Vivien de EZYcount pr\u00e9sente lors de la journ\u00e9e mondiale des chambers de commerce\" width=\"250\" height=\"333\" title=\"Vivien de EZYcount pr\u00e9sente lors de la journ\u00e9e mondiale des chambers de commerce\" data-id=\"6061\" src=\"https:\/\/www.ezycount.ch\/wp-content\/uploads\/2019\/11\/Vivien-de-EZYcount-pr\u00e9sente-lors-de-la-journ\u00e9e-mondiale-des-chambers-de-commerce.jpg\"><\/span><\/p>\n<p>Vivien pr\u00e9sente EZYcount lors de la journ\u00e9e mondiale des chambers de commerce<\/p>\n<h3 style=\"text-align: center;\">Les startups<\/h3>\n<p><span><img loading=\"lazy\" decoding=\"async\" alt=\"Les 6 startups de la journ\u00e9e\" width=\"500\" height=\"334\" title=\"Les 6 starups de la journ\u00e9e\" data-id=\"6067\" src=\"https:\/\/www.ezycount.ch\/wp-content\/uploads\/2019\/11\/Les-starups-de-la-journ\u00e9e.jpg\"><\/span><\/p>\n<p>Les startups de la journ\u00e9e<\/p>\n<h3 style=\"text-align: center;\">Partie officielle<\/h3>\n<p><span><img loading=\"lazy\" decoding=\"async\" alt=\"\u00e9galement des parties officielles\" width=\"500\" height=\"334\" title=\"\u00e9galement des parties officielles\" data-id=\"6073\" src=\"https:\/\/www.ezycount.ch\/wp-content\/uploads\/2019\/11\/Des-moments-officiels.jpg\"><\/span><\/p>\n<p>\u00e9galement des parties officielles<\/p>\n<h3 style=\"text-align: center;\">Le directeur de la CCIG<\/h3>\n<p><span><img loading=\"lazy\" decoding=\"async\" alt=\"Le directeur g\u00e9n\u00e9rale de la CCIG\" width=\"500\" height=\"334\" title=\"Vincent Subilia Directeur G\u00e9n\u00e9rale CCIG\" data-id=\"6079\" src=\"https:\/\/www.ezycount.ch\/wp-content\/uploads\/2019\/11\/Vincent-Subilia-Directeur-G\u00e9n\u00e9rale-CCIG.jpg\"><\/span><\/p>\n<p>Vincent Subilia Directeur G\u00e9n\u00e9rale CCIG<\/p>\n","protected":false},"excerpt":{"rendered":"<p>Pr\u00e9sentation de EZYcount lors de la journ\u00e9e mondiale des chambres de commerce Vivien a pr\u00e9sent\u00e9 le 28 novembre 2019 EZYcount, devant un parterre renomm\u00e9, lors de la matin\u00e9e fintech de la journ\u00e9e mondiale des chambres de commerce. &nbsp;EZYcount offre une simplicit\u00e9 et une automatisation unique pour les ind\u00e9pendants et entrepreneurs en Suisse mais \u00e9galement \u00e0 [&hellip;]<\/p>\n","protected":false},"author":2,"featured_media":0,"parent":4783,"menu_order":0,"comment_status":"closed","ping_status":"closed","template":"","meta":{"footnotes":""},"class_list":["post-6050","page","type-page","status-publish","hentry","post-wrapper","thrv_wrapper"],"yoast_head":"<!-- This site is optimized with the Yoast SEO plugin v25.3 - https:\/\/yoast.com\/wordpress\/plugins\/seo\/ -->\n<title>Pr\u00e9sentation lors de la journ\u00e9e mondiale des chambres de commerce - EZYcount<\/title>\n<meta name=\"robots\" content=\"index, follow, max-snippet:-1, max-image-preview:large, max-video-preview:-1\" \/>\n<link rel=\"canonical\" href=\"https:\/\/www.ezycount.ch\/fr\/evenements-ezycount\/presentation-lors-de-la-journee-mondiale-des-chambres-de-commerce\/\" \/>\n<meta property=\"og:locale\" content=\"fr_FR\" \/>\n<meta property=\"og:type\" content=\"article\" \/>\n<meta property=\"og:title\" content=\"Pr\u00e9sentation lors de la journ\u00e9e mondiale des chambres de commerce - EZYcount\" \/>\n<meta property=\"og:description\" content=\"Pr\u00e9sentation de EZYcount lors de la journ\u00e9e mondiale des chambres de commerce Vivien a pr\u00e9sent\u00e9 le 28 novembre 2019 EZYcount, devant un parterre renomm\u00e9, lors de la matin\u00e9e fintech de la journ\u00e9e mondiale des chambres de commerce. &nbsp;EZYcount offre une simplicit\u00e9 et une automatisation unique pour les ind\u00e9pendants et entrepreneurs en Suisse mais \u00e9galement \u00e0 [&hellip;]\" \/>\n<meta property=\"og:url\" content=\"https:\/\/www.ezycount.ch\/fr\/evenements-ezycount\/presentation-lors-de-la-journee-mondiale-des-chambres-de-commerce\/\" \/>\n<meta property=\"og:site_name\" content=\"EZYcount\" \/>\n<meta property=\"article:modified_time\" content=\"2020-06-30T07:39:36+00:00\" \/>\n<meta property=\"og:image\" content=\"https:\/\/www.ezycount.ch\/wp-content\/uploads\/2019\/11\/Vivien-de-EZYcount-pr\u00e9sente-lors-de-la-journ\u00e9e-mondiale-des-chambers-de-commerce.jpg\" \/>\n<meta name=\"twitter:card\" content=\"summary_large_image\" \/>\n<meta name=\"twitter:label1\" content=\"Dur\u00e9e de lecture estim\u00e9e\" \/>\n\t<meta name=\"twitter:data1\" content=\"1 minute\" \/>\n<script type=\"application\/ld+json\" class=\"yoast-schema-graph\">{\"@context\":\"https:\/\/schema.org\",\"@graph\":[{\"@type\":\"WebPage\",\"@id\":\"https:\/\/www.ezycount.ch\/fr\/evenements-ezycount\/presentation-lors-de-la-journee-mondiale-des-chambres-de-commerce\/\",\"url\":\"https:\/\/www.ezycount.ch\/fr\/evenements-ezycount\/presentation-lors-de-la-journee-mondiale-des-chambres-de-commerce\/\",\"name\":\"Pr\u00e9sentation lors de la journ\u00e9e mondiale des chambres de commerce - EZYcount\",\"isPartOf\":{\"@id\":\"https:\/\/www.ezycount.ch\/fr\/#website\"},\"primaryImageOfPage\":{\"@id\":\"https:\/\/www.ezycount.ch\/fr\/evenements-ezycount\/presentation-lors-de-la-journee-mondiale-des-chambres-de-commerce\/#primaryimage\"},\"image\":{\"@id\":\"https:\/\/www.ezycount.ch\/fr\/evenements-ezycount\/presentation-lors-de-la-journee-mondiale-des-chambres-de-commerce\/#primaryimage\"},\"thumbnailUrl\":\"https:\/\/www.ezycount.ch\/wp-content\/uploads\/2019\/11\/Des-moments-officiels.jpg\",\"datePublished\":\"2019-11-30T14:37:26+00:00\",\"dateModified\":\"2020-06-30T07:39:36+00:00\",\"breadcrumb\":{\"@id\":\"https:\/\/www.ezycount.ch\/fr\/evenements-ezycount\/presentation-lors-de-la-journee-mondiale-des-chambres-de-commerce\/#breadcrumb\"},\"inLanguage\":\"fr-FR\",\"potentialAction\":[{\"@type\":\"ReadAction\",\"target\":[\"https:\/\/www.ezycount.ch\/fr\/evenements-ezycount\/presentation-lors-de-la-journee-mondiale-des-chambres-de-commerce\/\"]}]},{\"@type\":\"ImageObject\",\"inLanguage\":\"fr-FR\",\"@id\":\"https:\/\/www.ezycount.ch\/fr\/evenements-ezycount\/presentation-lors-de-la-journee-mondiale-des-chambres-de-commerce\/#primaryimage\",\"url\":\"https:\/\/www.ezycount.ch\/wp-content\/uploads\/2019\/11\/Des-moments-officiels.jpg\",\"contentUrl\":\"https:\/\/www.ezycount.ch\/wp-content\/uploads\/2019\/11\/Des-moments-officiels.jpg\"},{\"@type\":\"BreadcrumbList\",\"@id\":\"https:\/\/www.ezycount.ch\/fr\/evenements-ezycount\/presentation-lors-de-la-journee-mondiale-des-chambres-de-commerce\/#breadcrumb\",\"itemListElement\":[{\"@type\":\"ListItem\",\"position\":1,\"name\":\"Home\",\"item\":\"https:\/\/www.ezycount.ch\/fr\/\"},{\"@type\":\"ListItem\",\"position\":2,\"name\":\"Les \u00e9v\u00e9nements de EZYcount\",\"item\":\"https:\/\/www.ezycount.ch\/fr\/evenements-ezycount\/\"},{\"@type\":\"ListItem\",\"position\":3,\"name\":\"Pr\u00e9sentation lors de la journ\u00e9e mondiale des chambres de commerce\"}]},{\"@type\":\"WebSite\",\"@id\":\"https:\/\/www.ezycount.ch\/fr\/#website\",\"url\":\"https:\/\/www.ezycount.ch\/fr\/\",\"name\":\"EZYcount\",\"description\":\"Simplifiez votre comptabilit\u00e9 et gagnez du temps\",\"potentialAction\":[{\"@type\":\"SearchAction\",\"target\":{\"@type\":\"EntryPoint\",\"urlTemplate\":\"https:\/\/www.ezycount.ch\/fr\/?s={search_term_string}\"},\"query-input\":{\"@type\":\"PropertyValueSpecification\",\"valueRequired\":true,\"valueName\":\"search_term_string\"}}],\"inLanguage\":\"fr-FR\"}]}<\/script>\n<!-- \/ Yoast SEO plugin. -->","yoast_head_json":{"title":"Pr\u00e9sentation lors de la journ\u00e9e mondiale des chambres de commerce - EZYcount","robots":{"index":"index","follow":"follow","max-snippet":"max-snippet:-1","max-image-preview":"max-image-preview:large","max-video-preview":"max-video-preview:-1"},"canonical":"https:\/\/www.ezycount.ch\/fr\/evenements-ezycount\/presentation-lors-de-la-journee-mondiale-des-chambres-de-commerce\/","og_locale":"fr_FR","og_type":"article","og_title":"Pr\u00e9sentation lors de la journ\u00e9e mondiale des chambres de commerce - EZYcount","og_description":"Pr\u00e9sentation de EZYcount lors de la journ\u00e9e mondiale des chambres de commerce Vivien a pr\u00e9sent\u00e9 le 28 novembre 2019 EZYcount, devant un parterre renomm\u00e9, lors de la matin\u00e9e fintech de la journ\u00e9e mondiale des chambres de commerce. &nbsp;EZYcount offre une simplicit\u00e9 et une automatisation unique pour les ind\u00e9pendants et entrepreneurs en Suisse mais \u00e9galement \u00e0 [&hellip;]","og_url":"https:\/\/www.ezycount.ch\/fr\/evenements-ezycount\/presentation-lors-de-la-journee-mondiale-des-chambres-de-commerce\/","og_site_name":"EZYcount","article_modified_time":"2020-06-30T07:39:36+00:00","og_image":[{"url":"https:\/\/www.ezycount.ch\/wp-content\/uploads\/2019\/11\/Vivien-de-EZYcount-pr\u00e9sente-lors-de-la-journ\u00e9e-mondiale-des-chambers-de-commerce.jpg","type":"","width":"","height":""}],"twitter_card":"summary_large_image","twitter_misc":{"Dur\u00e9e de lecture estim\u00e9e":"1 minute"},"schema":{"@context":"https:\/\/schema.org","@graph":[{"@type":"WebPage","@id":"https:\/\/www.ezycount.ch\/fr\/evenements-ezycount\/presentation-lors-de-la-journee-mondiale-des-chambres-de-commerce\/","url":"https:\/\/www.ezycount.ch\/fr\/evenements-ezycount\/presentation-lors-de-la-journee-mondiale-des-chambres-de-commerce\/","name":"Pr\u00e9sentation lors de la journ\u00e9e mondiale des chambres de commerce - EZYcount","isPartOf":{"@id":"https:\/\/www.ezycount.ch\/fr\/#website"},"primaryImageOfPage":{"@id":"https:\/\/www.ezycount.ch\/fr\/evenements-ezycount\/presentation-lors-de-la-journee-mondiale-des-chambres-de-commerce\/#primaryimage"},"image":{"@id":"https:\/\/www.ezycount.ch\/fr\/evenements-ezycount\/presentation-lors-de-la-journee-mondiale-des-chambres-de-commerce\/#primaryimage"},"thumbnailUrl":"https:\/\/www.ezycount.ch\/wp-content\/uploads\/2019\/11\/Des-moments-officiels.jpg","datePublished":"2019-11-30T14:37:26+00:00","dateModified":"2020-06-30T07:39:36+00:00","breadcrumb":{"@id":"https:\/\/www.ezycount.ch\/fr\/evenements-ezycount\/presentation-lors-de-la-journee-mondiale-des-chambres-de-commerce\/#breadcrumb"},"inLanguage":"fr-FR","potentialAction":[{"@type":"ReadAction","target":["https:\/\/www.ezycount.ch\/fr\/evenements-ezycount\/presentation-lors-de-la-journee-mondiale-des-chambres-de-commerce\/"]}]},{"@type":"ImageObject","inLanguage":"fr-FR","@id":"https:\/\/www.ezycount.ch\/fr\/evenements-ezycount\/presentation-lors-de-la-journee-mondiale-des-chambres-de-commerce\/#primaryimage","url":"https:\/\/www.ezycount.ch\/wp-content\/uploads\/2019\/11\/Des-moments-officiels.jpg","contentUrl":"https:\/\/www.ezycount.ch\/wp-content\/uploads\/2019\/11\/Des-moments-officiels.jpg"},{"@type":"BreadcrumbList","@id":"https:\/\/www.ezycount.ch\/fr\/evenements-ezycount\/presentation-lors-de-la-journee-mondiale-des-chambres-de-commerce\/#breadcrumb","itemListElement":[{"@type":"ListItem","position":1,"name":"Home","item":"https:\/\/www.ezycount.ch\/fr\/"},{"@type":"ListItem","position":2,"name":"Les \u00e9v\u00e9nements de EZYcount","item":"https:\/\/www.ezycount.ch\/fr\/evenements-ezycount\/"},{"@type":"ListItem","position":3,"name":"Pr\u00e9sentation lors de la journ\u00e9e mondiale des chambres de commerce"}]},{"@type":"WebSite","@id":"https:\/\/www.ezycount.ch\/fr\/#website","url":"https:\/\/www.ezycount.ch\/fr\/","name":"EZYcount","description":"Simplifiez votre comptabilit\u00e9 et gagnez du temps","potentialAction":[{"@type":"SearchAction","target":{"@type":"EntryPoint","urlTemplate":"https:\/\/www.ezycount.ch\/fr\/?s={search_term_string}"},"query-input":{"@type":"PropertyValueSpecification","valueRequired":true,"valueName":"search_term_string"}}],"inLanguage":"fr-FR"}]}},"_links":{"self":[{"href":"https:\/\/www.ezycount.ch\/fr\/wp-json\/wp\/v2\/pages\/6050","targetHints":{"allow":["GET"]}}],"collection":[{"href":"https:\/\/www.ezycount.ch\/fr\/wp-json\/wp\/v2\/pages"}],"about":[{"href":"https:\/\/www.ezycount.ch\/fr\/wp-json\/wp\/v2\/types\/page"}],"author":[{"embeddable":true,"href":"https:\/\/www.ezycount.ch\/fr\/wp-json\/wp\/v2\/users\/2"}],"replies":[{"embeddable":true,"href":"https:\/\/www.ezycount.ch\/fr\/wp-json\/wp\/v2\/comments?post=6050"}],"version-history":[{"count":0,"href":"https:\/\/www.ezycount.ch\/fr\/wp-json\/wp\/v2\/pages\/6050\/revisions"}],"up":[{"embeddable":true,"href":"https:\/\/www.ezycount.ch\/fr\/wp-json\/wp\/v2\/pages\/4783"}],"wp:attachment":[{"href":"https:\/\/www.ezycount.ch\/fr\/wp-json\/wp\/v2\/media?parent=6050"}],"curies":[{"name":"wp","href":"https:\/\/api.w.org\/{rel}","templated":true}]}}